{"id":2053,"date":"2014-10-12T16:49:34","date_gmt":"2014-10-12T16:49:34","guid":{"rendered":"http:\/\/atanga.de\/?page_id=2053"},"modified":"2021-03-26T01:20:42","modified_gmt":"2021-03-26T01:20:42","slug":"presse","status":"publish","type":"page","link":"https:\/\/atanga.de\/?page_id=2053","title":{"rendered":"Presse"},"content":{"rendered":"<!-- PMB print buttons is only displayed on a single post\/page URLs--><ol>\n<li><strong><strong>Bislang sind drei von mir (Sabine) geschriebene Artikel in der Yacht erschienen: <\/strong><\/strong><\/li>\n<\/ol>\n<p><strong>Yacht 6\/2021<\/strong> <a href=\"http:\/\/www.apropos-diving.de\/Doks\/Yacht_6-21_Goldener_Kaefig.pdf\" target=\"_blank\" rel=\"noopener\">Goldener_Kaefig<\/a><br \/>\nReportage \u00fcber das Corona Jahr in der S\u00fcdsee<br \/>\nText: Sabine Willner &#8211; Fotos: Jochim und Sabine Willner; Seven Star<\/p>\n<p><strong>YACHT <\/strong>12\/2019\u00a0<a href=\"http:\/\/www.apropos-diving.de\/doks\/YACHT 12_2019 Osterinsel.pdf\" target=\"_blank\" rel=\"noopener noreferrer\">&#8222;Osterinsel<\/a><br \/>\nReportage \u00fcber unsere Anreise und den Aufenthalt auf der Osterinsel.<br \/>\nText: Sabine Willner &#8211; Fotos: Joachim und Sabine Willner<\/p>\n<p><strong>YACHT <\/strong>7\/2017 <a href=\"https:\/\/atanga.de\/?page_id=130254\" target=\"_blank\" rel=\"noopener noreferrer\">&#8222;Exkursion in den Dschungel&#8220;<\/a><br \/>\nReportage \u00fcber\u00a0unsere Teilnahme an der Nereid&#8217;s Rally, der Regenwald Rally.<br \/>\nText: Sabine Willner &#8211; Fotos: Joachim und Sabine Willner<\/p>\n<p>2. \u00a0<strong>Einige Zeitungen und Magazine haben bereits \u00fcber uns berichtet.<\/strong><\/p>\n<p>Die\u00a0Artikel sind hier in chronologischer Reihenfolge gelistet:<\/p>\n<p><strong>YACHT<\/strong> Oktober 2018 <a href=\"http:\/\/www.apropos-diving.de\/doks\/YACHT 20_2018_TransOceanSegler.pdf\" target=\"_blank\" rel=\"noopener noreferrer\">50 Jahre TO<\/a><br \/>\nReportage \u00fcber das 50 j\u00e4hrige Jubil\u00e4um des Trans-Ocean Vereins<br \/>\nText: diverse Autoren und Sabine Willner<\/p>\n<p><strong>LEA<\/strong> August 2018 <a href=\"http:\/\/www.apropos-diving.de\/doks\/Interview Lea.pdf\" target=\"_blank\" rel=\"noopener noreferrer\">Interview mit LEA<\/a><br \/>\nInterviews \u00fcber das Thema &#8218;Wenn Frauen anders reisen&#8216;.<\/p>\n<p><strong>VIVA!<\/strong> Juli\/August 2015 <a href=\"http:\/\/www.apropos-diving.de\/doks\/Viva Artikel klein.pdf\" target=\"_blank\" rel=\"noopener noreferrer\">Abenteuer &#8211; mit dem Segelboot um die Welt<\/a><br \/>\nSch\u00f6ner Artikel als Homestory \u00fcber uns. Text:\u00a0Peter Sandmeyer Fotos: Harald Schmitt<\/p>\n<p><strong>YACHT<\/strong> 16\/2014\u00a0\u00a0<em><a class=\"boxersandswipers\" href=\"http:\/\/www.apropos-diving.de\/Doks\/Yacht_Fundstuecke.jpg\" target=\"_blank\" rel=\"noopener noreferrer\"><span style=\"color: #0066cc;\">&#8222;Fundst\u00fccke&#8220;<\/span><\/a> <\/em>(aus unserem G\u00e4stebuch)<\/p>\n<p><strong>Hamburger Abenblatt <\/strong>04.06.14 <a title=\"Entspannt Segeln \u00dcber die Sieben Meere\" href=\"http:\/\/www.apropos-diving.de\/Doks\/20140604_HA_HR_Atanga.pdf\" target=\"_blank\" rel=\"noopener noreferrer\"><span style=\"color: #0066cc;\">&#8222;Entspannt Segeln&#8220;<\/span><\/a><\/p>\n<p><strong>YACHT<\/strong> 12\/2014\u00a0\u00a0 <a title=\"Ende Offen\" href=\"http:\/\/www.apropos-diving.de\/Doks\/yacht_atanga.pdf\" target=\"_blank\" rel=\"noopener noreferrer\"><em><span style=\"color: #0066cc;\">&#8222;Ende Offen&#8220; <\/span><\/em><\/a>oder online als preview\u00a0<a title=\"einfach-nur-segeln-ohne-ende\" href=\"http:\/\/www.yacht.de\/service\/heft_info\/einfach-nur-segeln-ohne-ende\/a89119.html\" target=\"_blank\" rel=\"noopener noreferrer\"><span style=\"color: #0066cc;\">&#8222;<em>Segeln_ohne_Ende<\/em>&#8222;<\/span><\/a><br \/>\nText: Peter Sandmeyer<br \/>\nDie Rechte des Fotos zu Beginn des Artikel liegen bei\u00a0Dietmar Hasenpusch (<a title=\"http:\/\/www.hasenpusch-photo.de\" href=\"http:\/\/www.hasenpusch-photo.de\" target=\"_blank\" rel=\"noopener noreferrer\"><span style=\"color: #0066cc;\">http:\/\/www.hasenpusch-photo.de<\/span><\/a>)<\/p>\n<p><strong>Free Man&#8217;s World<\/strong>\u00a02\/2014\u00a0\u00a0<a title=\"Nicht Reden, Machen\" href=\"http:\/\/www.apropos-diving.de\/Doks\/FMW_01_14_nicht_reden_machen.pdf\" target=\"_blank\" rel=\"noopener noreferrer\"><em><span style=\"color: #0066cc;\">&#8222;Nicht Reden, Machen&#8220;<\/span><\/em><\/a><br \/>\nInterview mit Mark Bielefeld und uns vor der Abreise.<\/p>\n<p>&nbsp;<\/p>\n<p><strong>F\u00fcr die Genehmigung der Ver\u00f6ffentlichung auf unserer Seite bedanken<br \/>\n<\/strong><strong>wir uns ausdr\u00fccklich bei den Verlagen und Fotografen.<\/strong><\/p>\n<div class=\"pld-like-dislike-wrap pld-template-1\">\r\n    <div class=\"pld-like-wrap  pld-common-wrap\">\r\n    <a href=\"javascript:void(0)\" class=\"pld-like-trigger pld-like-dislike-trigger  \" title=\"gef\u00e4llt mir\" data-post-id=\"2053\" data-trigger-type=\"like\" data-restriction=\"cookie\" data-already-liked=\"0\">\r\n                        <i class=\"fas fa-thumbs-up\"><\/i>\r\n                <\/a>\r\n    <span class=\"pld-like-count-wrap pld-count-wrap\">7    <\/span>\r\n<\/div><div class=\"pld-dislike-wrap  pld-common-wrap\">\r\n    <a href=\"javascript:void(0)\" class=\"pld-dislike-trigger pld-like-dislike-trigger  \" title=\"doof\" data-post-id=\"2053\" data-trigger-type=\"dislike\" data-restriction=\"cookie\" data-already-liked=\"0\">\r\n                        <i class=\"fas fa-thumbs-down\"><\/i>\r\n                <\/a>\r\n    <span class=\"pld-dislike-count-wrap pld-count-wrap\"><\/span>\r\n<\/div><\/div>","protected":false},"excerpt":{"rendered":"<p>Bislang sind drei von mir (Sabine) geschriebene Artikel in der Yacht erschienen: Yacht 6\/2021 Goldener_Kaefig Reportage \u00fcber das Corona Jahr in der S\u00fcdsee Text: Sabine Willner &#8211; Fotos: Jochim und Sabine Willner; Seven Star YACHT 12\/2019\u00a0&#8222;Osterinsel Reportage \u00fcber unsere Anreise und den Aufenthalt auf der Osterinsel. Text: Sabine Willner &#8211; Fotos: Joachim und Sabine Willner [&hellip;]<\/p>\n","protected":false},"author":3,"featured_media":0,"parent":0,"menu_order":0,"comment_status":"open","ping_status":"closed","template":"","meta":{"footnotes":""},"class_list":["post-2053","page","type-page","status-publish","hentry"],"_links":{"self":[{"href":"https:\/\/atanga.de\/index.php?rest_route=\/wp\/v2\/pages\/2053","targetHints":{"allow":["GET"]}}],"collection":[{"href":"https:\/\/atanga.de\/index.php?rest_route=\/wp\/v2\/pages"}],"about":[{"href":"https:\/\/atanga.de\/index.php?rest_route=\/wp\/v2\/types\/page"}],"author":[{"embeddable":true,"href":"https:\/\/atanga.de\/index.php?rest_route=\/wp\/v2\/users\/3"}],"replies":[{"embeddable":true,"href":"https:\/\/atanga.de\/index.php?rest_route=%2Fwp%2Fv2%2Fcomments&post=2053"}],"version-history":[{"count":28,"href":"https:\/\/atanga.de\/index.php?rest_route=\/wp\/v2\/pages\/2053\/revisions"}],"predecessor-version":[{"id":137490,"href":"https:\/\/atanga.de\/index.php?rest_route=\/wp\/v2\/pages\/2053\/revisions\/137490"}],"wp:attachment":[{"href":"https:\/\/atanga.de\/index.php?rest_route=%2Fwp%2Fv2%2Fmedia&parent=2053"}],"curies":[{"name":"wp","href":"https:\/\/api.w.org\/{rel}","templated":true}]}}